{"id":554,"date":"2022-04-07T15:06:13","date_gmt":"2022-04-07T13:06:13","guid":{"rendered":"https:\/\/test.impulsis.ch\/sgqt\/?page_id=554"},"modified":"2026-02-11T09:15:23","modified_gmt":"2026-02-11T08:15:23","slug":"datenschutzerklaerung","status":"publish","type":"page","link":"https:\/\/sgqt.ch\/fr\/datenschutzerklaerung\/","title":{"rendered":"Protection des donn\u00e9es"},"content":{"rendered":"<h1 class=\"wp-block-heading\">Protection des donn\u00e9es<\/h1>\n\n\n\n<p class=\"translation-block\">ASQT, Association Suisse pour le Qigong et le Taijiquan<\/p>\n\n\n\n<p>Contact:<br><a href=\"mailto:info@sgqt.ch\" target=\"_blank\" rel=\"noreferrer noopener\">info@sgqt.ch<\/a><br><br>D\u00e9l\u00e9gu\u00e9 \u00e0 la protection des donn\u00e9es:<br>Fredy Buttauer, <a href=\"mailto:fredy.buttauer@sgqt.ch\">fredy.buttauer@sgqt.ch<\/a><br><br><strong>G\u00e9n\u00e9ralit\u00e9s<\/strong><br>En vertu de l\u2019article 13 de la Constitution f\u00e9d\u00e9rale suisse et des dispositions f\u00e9d\u00e9rales relatives \u00e0 la protection des donn\u00e9es (loi sur la protection des donn\u00e9es, LPD), toute personne a droit \u00e0 la protection de sa sph\u00e8re priv\u00e9e ainsi qu\u2019\u00e0 la protection contre l\u2019emploi abusif de ses donn\u00e9es personnelles. Les exploitants de ces pages prennent la protection de vos donn\u00e9es personnelles tr\u00e8s au s\u00e9rieux. Nous traitons vos donn\u00e9es personnelles de mani\u00e8re confidentielle et conform\u00e9ment aux dispositions l\u00e9gales en vigueur et \u00e0 la d\u00e9claration de protection des donn\u00e9es ci-dessous.<br><br>En collaboration avec nos h\u00e9bergeurs, nous nous effor\u00e7ons de prot\u00e9ger autant que possible les bases de donn\u00e9es contre tout acc\u00e8s non autoris\u00e9, perte, abus ou falsification.<br><br>Nous attirons votre attention sur le fait que la transmission de donn\u00e9es sur internet (par ex. dans des e-mail) peut pr\u00e9senter des failles de s\u00e9curit\u00e9. Une protection compl\u00e8te des donn\u00e9es contre l\u2019acc\u00e8s par des tiers n\u2019est pas garantie.<br><br>En utilisant ce site web, vous acceptez la collecte, le traitement et l\u2019utilisation de donn\u00e9es conform\u00e9ment \u00e0 la description ci-dessous. Ce site web peut en principe \u00eatre visit\u00e9 sans enregistrement. Des donn\u00e9es telles que les pages ou les noms de fichiers consult\u00e9s, la date et l\u2019heure sont enregistr\u00e9es sur le serveur \u00e0 des fins statistiques, sans que ces donn\u00e9es soient directement li\u00e9es \u00e0 votre personne. Les donn\u00e9es personnelles (par exemple nom, adresse ou adresses e-mail) collect\u00e9es sur nos pages sont toujours sauvegard\u00e9es, dans la mesure du possible, sur base volontaire. Ces donn\u00e9es ne sont pas transmises \u00e0 des tiers sans votre accord explicite.<br><br><strong>Traitement des donn\u00e9es personnelles<\/strong><br>Les donn\u00e9es personnelles sont toutes les informations qui se rapportent \u00e0 une personne identifi\u00e9e ou identifiable. Une personne concern\u00e9e est une personne au sujet de laquelle des donn\u00e9es personnelles sont trait\u00e9es. Le traitement comprend toute manipulation de donn\u00e9es personnelles, quels que soient les moyens et proc\u00e9dures utilis\u00e9s, notamment l\u2019enregistrement, la communication, la collecte, la suppression, la conservation, la modification, la destruction et l\u2019utilisation de donn\u00e9es personnelles.<br><br>Nous traitons les donn\u00e9es personnelles conform\u00e9ment \u00e0 la l\u00e9gislation suisse en mati\u00e8re de protection des donn\u00e9es. Si et dans la mesure o\u00f9 le RGPD de l\u2019UE est applicable, nous traitons en outre les donn\u00e9es personnelles sur les bases juridiques suivantes en relation avec l\u2019art. 6 (1) GDPR :<br>a) la personne concern\u00e9e a consenti au traitement de ses donn\u00e9es personnelles.<br>b) le traitement est n\u00e9cessaire \u00e0 l\u2019ex\u00e9cution d\u2019un contrat auquel la personne concern\u00e9e est partie ou \u00e0 l\u2019ex\u00e9cution de mesures pr\u00e9contractuelles prises \u00e0 la demande de celle-ci.<br>c) le traitement est n\u00e9cessaire au respect d\u2019une obligation l\u00e9gale \u00e0 laquelle le responsable du traitement est soumis en vertu du droit en vigueur dans l\u2019UE ou du droit en vigueur dans un pays dans lequel le GDPR est applicable en tout ou en partie.\u00a0<br>d) le traitement est n\u00e9cessaire \u00e0 la sauvegarde des int\u00e9r\u00eats vitaux de la personne concern\u00e9e ou d\u2019une autre personne physique.<br>f) le traitement est n\u00e9cessaire pour prot\u00e9ger les int\u00e9r\u00eats l\u00e9gitimes poursuivis par le responsable du traitement ou par un tiers, \u00e0 moins que ne pr\u00e9valent les int\u00e9r\u00eats ou les libert\u00e9s et droits fondamentaux de la personne concern\u00e9e. Les int\u00e9r\u00eats l\u00e9gitimes comprennent notamment notre int\u00e9r\u00eat commercial \u00e0 pouvoir publier notre site internet, \u00e0 garantir la s\u00e9curit\u00e9 des informations, l\u2019application de nos propres droits juridiques et le respect du droit suisse.<br><br>Nous traitons les donn\u00e9es personnelles pendant la dur\u00e9e n\u00e9cessaire \u00e0 la finalit\u00e9 ou aux finalit\u00e9s respectives. En cas d\u2019obligation de conservation \u00e0 plus long terme en raison de dispositions l\u00e9gales ou autres auxquelles nous sommes soumis, nous limitons le traitement en cons\u00e9quence.<br><br><strong>Cookies<\/strong><br>Ce site web utilise des cookies. Il s\u2019agit de petits fichiers texte qui permettent de stocker des informations sp\u00e9cifiques \u00e0 l\u2019utilisateur sur son appareil pendant qu\u2019il utilise le site. Les cookies permettent notamment de d\u00e9terminer la fr\u00e9quence d\u2019utilisation et le nombre d\u2019utilisateurs des pages, d\u2019analyser les mod\u00e8les de comportement de l\u2019utilisation des pages, mais aussi de concevoir notre offre de mani\u00e8re plus conviviale. Les cookies restent enregistr\u00e9s au-del\u00e0 de la fin d\u2019une session de navigation et peuvent \u00eatre r\u00e9cup\u00e9r\u00e9s lors d\u2019une nouvelle visite du site. Si vous ne le souhaitez pas, vous devez configurer votre navigateur de mani\u00e8re \u00e0 refuser les cookies.<br><br>Une opposition g\u00e9n\u00e9rale \u00e0 l\u2019utilisation des cookies \u00e0 des fins de marketing en ligne peut \u00eatre d\u00e9clar\u00e9e pour un grand nombre de services, notamment pour le tracking, via le site am\u00e9ricain\u00a0<a href=\"http:\/\/www.aboutads.info\/choices\/\" target=\"_blank\" rel=\"noreferrer noopener\">http:\/\/www.aboutads.info\/choices\/<\/a>\u00a0ou le site europ\u00e9en\u00a0<a href=\"http:\/\/www.youronlinechoices.com\/\" target=\"_blank\" rel=\"noreferrer noopener\">http:\/\/www.youronlinechoices.com\/<\/a>\u00a0En outre, l\u2019enregistrement de cookies peut \u00eatre obtenu en les d\u00e9sactivant dans les param\u00e8tres du navigateur. Veuillez noter que dans ce cas, certaines fonctions de l\u2019offre en ligne seront restreintes.<br><br><strong>Avec cryptage SSL\/TLS<\/strong><br>Pour des raisons de s\u00e9curit\u00e9 et pour prot\u00e9ger la transmission de contenus confidentiels, comme par exemple les demandes que vous nous envoyez en tant qu\u2019exploitant du site, ce site utilise un cryptage SSL\/TLS. Vous reconnaissez une connexion crypt\u00e9e au fait que la ligne d\u2019adresse du navigateur passe de \"http:\/\/\" \u00e0 \"https:\/\/\" et au symbole du cadenas dans la ligne de votre navigateur.<br><br>Si le cryptage SSL ou TLS est activ\u00e9, les donn\u00e9es que vous nous transmettez ne peuvent pas \u00eatre lues par des tiers.<br><br><strong>Fichiers log du serveur<\/strong><br>Le fournisseur de ce site web collecte et enregistre automatiquement des informations dans ce que l\u2019on appelle des fichiers journaux du serveur, que votre navigateur nous transmet automatiquement. Il s\u2019agit de :<br>Type et version du navigateur<br>Syst\u00e8me d\u2019exploitation utilis\u00e9<br>URL de r\u00e9f\u00e9rence<br>Nom d\u2019h\u00f4te de l\u2019ordinateur qui acc\u00e8de au site<br>Heure de la demande du serveur<br><br>Ces donn\u00e9es ne peuvent pas \u00eatre attribu\u00e9es \u00e0 des personnes pr\u00e9cises. Nous ne proc\u00e9dons pas \u00e0 un regroupement de ces donn\u00e9es avec d\u2019autres sources de donn\u00e9es. Nous nous r\u00e9servons le droit de v\u00e9rifier ces donn\u00e9es ult\u00e9rieurement si nous avons connaissance d\u2019indices concrets d\u2019une utilisation ill\u00e9gale.<br><br><strong>Services de tiers<\/strong><br>Ce site web peut utiliser Google Maps pour l\u2019int\u00e9gration de cartes, Google Invisible reCAPTCHA pour la protection contre les robots et les spams et YouTube pour l\u2019int\u00e9gration de vid\u00e9os.<br><br>Ces services de la soci\u00e9t\u00e9 am\u00e9ricaine Google LLC utilisent entre autres des cookies, ce qui permet de transmettre des donn\u00e9es \u00e0 Google aux \u00c9tats-Unis. Nous partons toutefois du principe qu\u2019aucun suivi personnel n\u2019est effectu\u00e9 dans ce contexte du seul fait de l\u2019utilisation de notre site internet.\u00a0<br><br>Google s\u2019est engag\u00e9 \u00e0 garantir une protection ad\u00e9quate des donn\u00e9es conform\u00e9ment au Privacy Shield am\u00e9ricano-europ\u00e9en et am\u00e9ricano-suisse.<br><br>Pour plus d\u2019informations, veuillez consulter les r\u00e8gles de confidentialit\u00e9 de Google.<br><br><strong>Formulaire de contact<\/strong><br>Si vous nous faites parvenir des demandes par le biais du formulaire de contact, les informations que vous nous avez fournies dans le formulaire, y compris les donn\u00e9es de contact que vous y avez indiqu\u00e9es, sont enregistr\u00e9es chez nous \u00e0 des fins de traitement de la demande et en cas de questions de suivi. Nous ne transmettons pas ces donn\u00e9es sans votre consentement.<br><br><strong>Newsletter<\/strong><br>Si vous souhaitez recevoir la newsletter propos\u00e9e sur le site, nous avons besoin d\u2019une adresse e-mail ainsi que d\u2019informations nous permettant de v\u00e9rifier que vous \u00eates bien le propri\u00e9taire de l\u2019adresse e-mail indiqu\u00e9e et que vous acceptez de recevoir la newsletter. Nous ne collectons pas d\u2019autres donn\u00e9es. Nous utilisons ces donn\u00e9es exclusivement pour l\u2019envoi des informations demand\u00e9es et ne les transmettons pas \u00e0 des tiers.<br>Une fois que vous avez donn\u00e9 votre consentement \u00e0 l\u2019enregistrement des donn\u00e9es, de l\u2019adresse e-mail et de son utilisation pour l\u2019envoi de la newsletter, vous pouvez le r\u00e9voquer \u00e0 tout moment.<br><br><strong>Droits de la personne concern\u00e9e<\/strong><br>Droit \u00e0 l\u2019information<br>Toute personne a le droit d\u2019exiger du propri\u00e9taire du site de savoir si ses donn\u00e9es personnelles sont trait\u00e9es ou non. Si vous souhaitez exercer votre droit d\u2019information, vous pouvez vous adresser \u00e0 tout moment au d\u00e9l\u00e9gu\u00e9 \u00e0 la protection des donn\u00e9es.<br><br>Droit d'acc\u00e8s<br>Toute personne concern\u00e9e par le traitement de donn\u00e9es personnelles a le droit d\u2019obtenir \u00e0 tout moment et gratuitement du propri\u00e9taire du site des informations sur les donn\u00e9es enregistr\u00e9es \u00e0 son sujet et une copie de ces informations. En outre, des informations peuvent \u00eatre fournies, le cas \u00e9ch\u00e9ant, sur les \u00e9l\u00e9ments suivants :\u00a0<\/p>\n\n\n\n<p>Finalit\u00e9s du traitement<\/p>\n\n\n\n<p>Cat\u00e9gories de donn\u00e9es personnelles trait\u00e9es ; destinataires auxquels les donn\u00e9es personnelles ont \u00e9t\u00e9 ou seront communiqu\u00e9es dans la mesure du possible ; dur\u00e9e de conservation pr\u00e9vue des donn\u00e9es personnelles ou, si cela n\u2019est pas possible, les crit\u00e8res qui d\u00e9terminent cette dur\u00e9e ; existence d\u2019un droit de rectification ou d\u2019effacement des donn\u00e9es personnelles vous concernant ou d\u2019un droit \u00e0 la limitation du traitement par le responsable du traitement ou d\u2019un droit d\u2019opposition \u00e0 un tel traitement ; existence d\u2019un droit de recours aupr\u00e8s d\u2019une autorit\u00e9 de contr\u00f4le lorsque les donn\u00e9es personnelles ne sont pas collect\u00e9es aupr\u00e8s de la personne concern\u00e9e: toutes les informations disponibles sur l\u2019origine des donn\u00e9es.<br>En outre, la personne concern\u00e9e a le droit de savoir si ses donn\u00e9es personnelles ont \u00e9t\u00e9 transmises \u00e0 un pays tiers ou \u00e0 une organisation internationale. Si tel est le cas, la personne concern\u00e9e a \u00e9galement le droit d\u2019obtenir des informations sur les garanties promues en rapport avec le transfert.<br>Si vous souhaitez faire usage de votre droit d\u2019information, vous pouvez vous adresser \u00e0 tout moment \u00e0 notre d\u00e9l\u00e9gu\u00e9 \u00e0 la protection des donn\u00e9es.<br><br>Droit de rectification<br>Tout utilisateur a le droit d\u2019obtenir sans d\u00e9lai la rectification des donn\u00e9es inexactes le concernant. En outre, les utilisateurs ont le droit, compte tenu des finalit\u00e9s du traitement, d\u2019obtenir que leurs donn\u00e9es personnelles incompl\u00e8tes soient compl\u00e9t\u00e9es au moyen d\u2019une d\u00e9claration compl\u00e9mentaire le cas \u00e9ch\u00e9ant.<br>Si vous souhaitez exercer ce droit de rectification, vous pouvez vous adresser \u00e0 tout moment \u00e0 notre d\u00e9l\u00e9gu\u00e9 \u00e0 la protection des donn\u00e9es.&nbsp;<br><br>Droit \u00e0 l\u2019effacement (droit \u00e0 l\u2019oubli)<br>Tout utilisateur dont les donn\u00e9es personnelles ont \u00e9t\u00e9 enregistr\u00e9es a le droit d\u2019obtenir du propri\u00e9taire de ce site internet l\u2019effacement imm\u00e9diat de ses donn\u00e9es personnelles, dans la mesure o\u00f9 l\u2019une des raisons suivantes s\u2019applique et lorsque le traitement n\u2019est plus n\u00e9cessaire :<br>Les donn\u00e9es personnelles ont \u00e9t\u00e9 collect\u00e9es ou trait\u00e9es d\u2019une autre mani\u00e8re \u00e0 des fins pour lesquelles elles ne sont plus n\u00e9cessaires.&nbsp;<br>La personne concern\u00e9e retire le consentement sur lequel \u00e9tait fond\u00e9 le traitement et il n\u2019existe pas d\u2019autre base juridique r\u00e9gulant le traitement.<br>La personne concern\u00e9e s\u2019oppose au traitement pour des raisons tenant \u00e0 sa situation particuli\u00e8re et il n\u2019existe pas de motif l\u00e9gitime justifiant la poursuite du traitement, ou la personne concern\u00e9e s\u2019oppose au traitement en cas de publicit\u00e9 directe et de profilage y aff\u00e9rent<br>Les donn\u00e9es personnelles ont \u00e9t\u00e9 utilis\u00e9es de mani\u00e8re ill\u00e9gale<br>L\u2019effacement des donn\u00e9es personnelles est n\u00e9cessaire pour respecter une obligation l\u00e9gale en vertu du droit de l\u2019Union ou du droit des \u00c9tats membres auquel le responsable du traitement est soumis<br>Les donn\u00e9es personnelles ont \u00e9t\u00e9 collect\u00e9es dans le cadre d\u2019une offre de services d\u2019une soci\u00e9t\u00e9 de l\u2019information propos\u00e9s et adress\u00e9s directement \u00e0 un enfant<br>Si l\u2019une des raisons susmentionn\u00e9es s\u2019applique et que vous souhaitez faire effacer des donn\u00e9es personnelles stock\u00e9es par le propri\u00e9taire de ce site internet, vous pouvez \u00e0 tout moment contacter notre d\u00e9l\u00e9gu\u00e9 \u00e0 la protection des donn\u00e9es. Le d\u00e9l\u00e9gu\u00e9 \u00e0 la protection des donn\u00e9es veillera \u00e0 ce que la demande d\u2019effacement soit imm\u00e9diatement satisfaite.&nbsp;<br><br>Droit \u00e0 la limitation du traitement<br>Tout utilisateur dont les donn\u00e9es personnelles ont \u00e9t\u00e9 enregistr\u00e9es a le droit d\u2019obtenir du responsable de ce site internet la limitation du traitement si l\u2019une des conditions suivantes est remplie:&nbsp;<br>L\u2019exactitude des donn\u00e9es personnelles est contest\u00e9e par la personne concern\u00e9e, pendant une p\u00e9riode permettant au responsable du traitement de v\u00e9rifier l\u2019exactitude des donn\u00e9es.<br>Le traitement est illicite, la personne concern\u00e9e s\u2019oppose \u00e0 l\u2019effacement de ses donn\u00e9es personnelles et demande \u00e0 la place la limitation de l\u2019utilisation de ses donn\u00e9es.<br>Le responsable n\u2019a plus besoin des donn\u00e9es personnelles aux fins du traitement, mais la personne concern\u00e9e en a besoin pour les faire valoir<br>La personne concern\u00e9e s\u2019est oppos\u00e9e au traitement pour des raisons personnelles et il n\u2019est pas encore \u00e9tabli que les int\u00e9r\u00eats l\u00e9gitimes du propri\u00e9taire du site internet pr\u00e9valent sur ceux de la personne concern\u00e9e\nSi l\u2019une des conditions susmentionn\u00e9es est remplie, vous pouvez \u00e0 tout moment vous adresser \u00e0 notre d\u00e9l\u00e9gu\u00e9 \u00e0 la protection des donn\u00e9es pour demander la limitation du traitement de vos donn\u00e9es personnelles sur ce site internet. Le d\u00e9l\u00e9gu\u00e9 \u00e0 la protection des donn\u00e9es fera en sorte de limiter le traitement.<br><br>Droit \u00e0 la transportabilit\u00e9 des donn\u00e9es<br>Toute personne concern\u00e9e par le traitement de donn\u00e9es personnelles a le droit d\u2019exiger de recevoir les donn\u00e9es la concernant dans un format structur\u00e9, couramment utilis\u00e9 et lisible, \u00e9crit \u00e0 l\u2019ordinateur. En outre, la personne concern\u00e9e a le droit d\u2019obtenir que ses donn\u00e9es personnelles soient transmises directement d\u2019un responsable de traitement \u00e0 un autre, lorsque cela est techniquement possible et que cela ne porte pas atteinte aux droits et libert\u00e9s d\u2019autres personnes.&nbsp;<br>Pour faire valoir votre droit \u00e0 la transportabilit\u00e9 des donn\u00e9es, vous pouvez \u00e0 tout moment contacter le d\u00e9l\u00e9gu\u00e9 \u00e0 la protection des donn\u00e9es d\u00e9sign\u00e9 par le propri\u00e9taire de ce site.<\/p>\n\n\n\n<p>Droit d'opposition<br>Toute personne concern\u00e9e par le traitement de donn\u00e9es personnelles a le droit de s\u2019opposer \u00e0 tout moment, pour des raisons tenant \u00e0 sa situation particuli\u00e8re, au traitement de ses donn\u00e9es personnelles.&nbsp;<br>En cas d\u2019opposition, l\u2019exploitant de ce site ne traitera plus les donn\u00e9es personnelles de la personne, \u00e0 moins que nous puissions d\u00e9montrer qu\u2019il existe des motifs l\u00e9gitimes et imp\u00e9rieux pour le traitement qui pr\u00e9valent sur les int\u00e9r\u00eats, les droits et les libert\u00e9s de la personne concern\u00e9e, ou que le traitement sert \u00e0 faire valoir, \u00e0 exercer ou \u00e0 d\u00e9fendre des droits en justice.&nbsp;<br>Pour faire usage de votre droit d\u2019opposition, vous pouvez vous adresser directement au d\u00e9l\u00e9gu\u00e9 \u00e0 la protection des donn\u00e9es de ce site.<br>Droit de r\u00e9voquer un consentement en mati\u00e8re de protection des donn\u00e9es<br>Toute personne concern\u00e9e par le traitement de donn\u00e9es personnelles a le droit de r\u00e9voquer \u00e0 tout moment le consentement qu\u2019elle a donn\u00e9 au traitement de ses donn\u00e9es.<br>Si vous souhaitez faire usage de votre droit de r\u00e9vocation, vous pouvez vous adresser \u00e0 tout moment \u00e0 notre d\u00e9l\u00e9gu\u00e9 \u00e0 la protection des donn\u00e9es.<br><br><strong>Opposition au courrier \u00e9lectronique<\/strong><br>L\u2019utilisation des donn\u00e9es de contact publi\u00e9es dans le cadre des mentions l\u00e9gales obligatoires pour l\u2019envoi de publicit\u00e9 et d\u2019informations non express\u00e9ment demand\u00e9es est interdite. Le propri\u00e9taire du site se r\u00e9serve express\u00e9ment le droit d\u2019engager des poursuites judiciaires en cas d\u2019envoi non sollicit\u00e9 d\u2019informations publicitaires, par exemple par le biais de spams.<br><br><strong>Droits d\u2019auteur<\/strong><br>Les droits d\u2019auteur et tous les autres droits li\u00e9s aux contenus, images, photos ou autres fichiers pr\u00e9sents sur le site appartiennent exclusivement au propri\u00e9taire de ce site internet ou aux titulaires de droits nomm\u00e9ment cit\u00e9s. Pour la reproduction de tous les fichiers, l\u2019autorisation \u00e9crite des d\u00e9tenteurs des droits d\u2019auteur doit \u00eatre obtenue au pr\u00e9alable.<br>Toute personne commettant une infraction aux droits d\u2019auteur sans l\u2019accord des d\u00e9tenteurs des droits d\u2019auteur concern\u00e9s est susceptible d\u2019\u00eatre punie et, le cas \u00e9ch\u00e9ant, s\u2019expose \u00e0 devoir payer des dommages et int\u00e9r\u00eats.<br><br><strong>Clause de non-responsabilit\u00e9<\/strong><br>Toutes les informations figurant sur notre site ont \u00e9t\u00e9 soigneusement v\u00e9rifi\u00e9es. Nous nous effor\u00e7ons de veiller \u00e0 ce que les informations que nous mettons \u00e0 disposition soient actuelles, correctes et compl\u00e8tes. Toutefois, l\u2019apparition d\u2019erreurs ne peut pas \u00eatre totalement exclue, de sorte que nous ne pouvons pas garantir l\u2019exhaustivit\u00e9, l\u2019exactitude et l\u2019actualit\u00e9 des informations, m\u00eame de nature journalistique et r\u00e9dactionnelle. Toute pr\u00e9tention de responsabilit\u00e9 se rapportant \u00e0 des dommages mat\u00e9riels ou immat\u00e9riels caus\u00e9s par l\u2019utilisation ou la non-utilisation des informations pr\u00e9sent\u00e9es ou par l\u2019utilisation d\u2019informations erron\u00e9es ou incompl\u00e8tes est strictement exclue.<br>L\u2019\u00e9diteur peut modifier ou supprimer des textes \u00e0 sa discr\u00e9tion et sans pr\u00e9avis et n\u2019est pas tenu de mettre \u00e0 jour le contenu de ce site. L\u2019utilisation de ce site ou l\u2019acc\u00e8s \u00e0 celui-ci se fait aux risques et p\u00e9rils du visiteur. L\u2019\u00e9diteur, ses clients ou partenaires ne sont pas responsables des dommages, tels que les dommages directs, indirects, accidentels ou cons\u00e9cutifs, pr\u00e9tendument caus\u00e9s par la visite de ce site et n\u2019assument par cons\u00e9quent aucune responsabilit\u00e9 pour de tels dommages.<br>L\u2019\u00e9diteur n\u2019assume pas non plus de responsabilit\u00e9 ou d\u2019obligation quant au contenu et \u00e0 la disponibilit\u00e9 des sites de tiers accessibles par des liens externes publi\u00e9s sur ce site. Seuls les exploitants de ces sites sont responsables de leur contenu. L\u2019\u00e9diteur se distancie donc express\u00e9ment de tous les contenus \u00e9trangers qui pourraient \u00e9ventuellement relever du droit p\u00e9nal ou de la responsabilit\u00e9 civile ou qui pourraient \u00eatre contraires aux bonnes m\u0153urs.<br><br><strong>search.ch Maps<\/strong><br>Ce site utilise l\u2019offre de search.ch Maps. Cela nous permet d\u2019afficher des cartes interactives directement sur le site et de vous permettre d\u2019utiliser confortablement la fonction de localisation. En visitant ces pages, search.ch re\u00e7oit l\u2019information que vous avez consult\u00e9 la sous-page correspondante de notre site web. Cela se produit ind\u00e9pendamment du fait que vous soyez connect\u00e9s \u00e0 search.ch via un compte utilisateur ou de mani\u00e8re libre.<\/p>\n\n\n\n<p><br><strong>YouTube<\/strong><br>Ce site web int\u00e8gre des fonctions du service \"YouTube\". \"YouTube\" est la propri\u00e9t\u00e9 de Google Ireland Limited, une soci\u00e9t\u00e9 de droit irlandais \u00e9tablie \u00e0 Gordon House, Barrow Street, Dublin 4, Irlande, qui exploite ses services dans l\u2019Espace \u00e9conomique europ\u00e9en et en Suisse.&nbsp;<br>Votre accord juridique avec \"YouTube\" est constitu\u00e9 des conditions que vous trouverez sur le lien suivant :&nbsp;<a rel=\"noreferrer noopener\" href=\"https:\/\/www.youtube.com\/static?gl=de&amp;template=terms&amp;hl=de\" target=\"_blank\">https:\/\/www.youtube.com\/static?gl=de&amp;template=terms&amp;hl=de<\/a>. Ces conditions constituent un accord juridiquement contraignant entre vous et \"YouTube\" concernant votre utilisation des services. Les r\u00e8gles de confidentialit\u00e9 de Google expliquent comment \"YouTube\" traite et prot\u00e8ge vos donn\u00e9es personnelles lorsque vous recourrez \u00e0 ce service.<br><br><strong>Clause de non-responsabilit\u00e9<\/strong><br>Les auteurs ne garantissent pas l\u2019exactitude, la pr\u00e9cision, l\u2019actualit\u00e9, la fiabilit\u00e9 ni l\u2019exhaustivit\u00e9 des informations transmises.<br>Les auteurs ne sauraient \u00eatre tenus pour responsables des dommages mat\u00e9riels ou immat\u00e9riels caus\u00e9s par l\u2019acc\u00e8s aux informations publi\u00e9es, par leur mise en application ou non, ou par des probl\u00e8mes de connexion ou d\u2019autres probl\u00e8mes techniques.<br><br>Toutes les offres propos\u00e9es sur ce site sont sans engagement. Les auteurs se r\u00e9servent express\u00e9ment le droit de modifier, de compl\u00e9ter ou de supprimer des parties de pages ou l\u2019ensemble des offres sans avis pr\u00e9alable, ou d\u2019en suspendre temporairement ou d\u00e9finitivement la publication.<br><br><strong>Source<\/strong>:&nbsp;<a rel=\"noreferrer noopener\" href=\"https:\/\/brainbox.swiss\/\" target=\"_blank\">BrainBox Solutions<\/a>&nbsp;<\/p>","protected":false},"excerpt":{"rendered":"<p>Datenschutzerkl\u00e4rung SGQT&nbsp;Schweizerische Gesellschaft f\u00fcr Qigong und Taijiquan Kontakt:info@sgqt.ch Datenschutzbeauftragte Person:Fredy Buttauer, fredy.buttauer@sgqt.ch AllgemeinGest\u00fctzt auf Artikel 13 der Schweizerischen Bundesverfassung und &#8230; <br \/><a class=\"read-more\" href=\"https:\/\/sgqt.ch\/fr\/datenschutzerklaerung\/\">Read More<\/a><\/p>","protected":false},"author":1,"featured_media":0,"parent":0,"menu_order":130,"comment_status":"closed","ping_status":"closed","template":"","meta":{"_acf_changed":false,"footnotes":""},"class_list":["post-554","page","type-page","status-publish","hentry"],"acf":[],"yoast_head":"<!-- This site is optimized with the Yoast SEO plugin v27.5 - https:\/\/yoast.com\/product\/yoast-seo-wordpress\/ -->\n<title>Datenschutzerkl\u00e4rung | SGQT<\/title>\n<meta name=\"robots\" content=\"index, follow, max-snippet:-1, max-image-preview:large, max-video-preview:-1\" \/>\n<link rel=\"canonical\" href=\"https:\/\/www.sgqt.ch\/datenschutzerklaerung\/\" \/>\n<meta property=\"og:locale\" content=\"fr_FR\" \/>\n<meta property=\"og:type\" content=\"article\" \/>\n<meta property=\"og:title\" content=\"Datenschutzerkl\u00e4rung | SGQT\" \/>\n<meta property=\"og:description\" content=\"Datenschutzerkl\u00e4rung SGQT&nbsp;Schweizerische Gesellschaft f\u00fcr Qigong und Taijiquan Kontakt:info@sgqt.ch Datenschutzbeauftragte Person:Fredy Buttauer, fredy.buttauer@sgqt.ch AllgemeinGest\u00fctzt auf Artikel 13 der Schweizerischen Bundesverfassung und ... Read More\" \/>\n<meta property=\"og:url\" content=\"https:\/\/www.sgqt.ch\/datenschutzerklaerung\/\" \/>\n<meta property=\"og:site_name\" content=\"SGQT\" \/>\n<meta property=\"article:modified_time\" content=\"2026-02-11T08:15:23+00:00\" \/>\n<meta name=\"twitter:card\" content=\"summary_large_image\" \/>\n<meta name=\"twitter:label1\" content=\"Est. reading time\" \/>\n\t<meta name=\"twitter:data1\" content=\"15 minutes\" \/>\n<script type=\"application\/ld+json\" class=\"yoast-schema-graph\">{\"@context\":\"https:\\\/\\\/schema.org\",\"@graph\":[{\"@type\":\"WebPage\",\"@id\":\"https:\\\/\\\/www.sgqt.ch\\\/datenschutzerklaerung\\\/\",\"url\":\"https:\\\/\\\/www.sgqt.ch\\\/datenschutzerklaerung\\\/\",\"name\":\"Datenschutzerkl\u00e4rung | SGQT\",\"isPartOf\":{\"@id\":\"http:\\\/\\\/sgqt.asqt.ch\\\/it\\\/#website\"},\"datePublished\":\"2022-04-07T13:06:13+00:00\",\"dateModified\":\"2026-02-11T08:15:23+00:00\",\"breadcrumb\":{\"@id\":\"https:\\\/\\\/www.sgqt.ch\\\/datenschutzerklaerung\\\/#breadcrumb\"},\"inLanguage\":\"fr-FR\",\"potentialAction\":[{\"@type\":\"ReadAction\",\"target\":[\"https:\\\/\\\/www.sgqt.ch\\\/datenschutzerklaerung\\\/\"]}]},{\"@type\":\"BreadcrumbList\",\"@id\":\"https:\\\/\\\/www.sgqt.ch\\\/datenschutzerklaerung\\\/#breadcrumb\",\"itemListElement\":[{\"@type\":\"ListItem\",\"position\":1,\"name\":\"Startseite\",\"item\":\"http:\\\/\\\/sgqt.asqt.ch\\\/it\\\/\"},{\"@type\":\"ListItem\",\"position\":2,\"name\":\"Datenschutzerkl\u00e4rung\"}]},{\"@type\":\"WebSite\",\"@id\":\"http:\\\/\\\/sgqt.asqt.ch\\\/it\\\/#website\",\"url\":\"http:\\\/\\\/sgqt.asqt.ch\\\/it\\\/\",\"name\":\"SGQT\",\"description\":\"\",\"potentialAction\":[{\"@type\":\"SearchAction\",\"target\":{\"@type\":\"EntryPoint\",\"urlTemplate\":\"http:\\\/\\\/sgqt.asqt.ch\\\/it\\\/?s={search_term_string}\"},\"query-input\":{\"@type\":\"PropertyValueSpecification\",\"valueRequired\":true,\"valueName\":\"search_term_string\"}}],\"inLanguage\":\"fr-FR\"}]}<\/script>\n<!-- \/ Yoast SEO plugin. -->","yoast_head_json":{"title":"Datenschutzerkl\u00e4rung | SGQT","robots":{"index":"index","follow":"follow","max-snippet":"max-snippet:-1","max-image-preview":"max-image-preview:large","max-video-preview":"max-video-preview:-1"},"canonical":"https:\/\/www.sgqt.ch\/datenschutzerklaerung\/","og_locale":"fr_FR","og_type":"article","og_title":"Datenschutzerkl\u00e4rung | SGQT","og_description":"Datenschutzerkl\u00e4rung SGQT&nbsp;Schweizerische Gesellschaft f\u00fcr Qigong und Taijiquan Kontakt:info@sgqt.ch Datenschutzbeauftragte Person:Fredy Buttauer, fredy.buttauer@sgqt.ch AllgemeinGest\u00fctzt auf Artikel 13 der Schweizerischen Bundesverfassung und ... Read More","og_url":"https:\/\/www.sgqt.ch\/datenschutzerklaerung\/","og_site_name":"SGQT","article_modified_time":"2026-02-11T08:15:23+00:00","twitter_card":"summary_large_image","twitter_misc":{"Est. reading time":"15 minutes"},"schema":{"@context":"https:\/\/schema.org","@graph":[{"@type":"WebPage","@id":"https:\/\/www.sgqt.ch\/datenschutzerklaerung\/","url":"https:\/\/www.sgqt.ch\/datenschutzerklaerung\/","name":"Datenschutzerkl\u00e4rung | SGQT","isPartOf":{"@id":"http:\/\/sgqt.asqt.ch\/it\/#website"},"datePublished":"2022-04-07T13:06:13+00:00","dateModified":"2026-02-11T08:15:23+00:00","breadcrumb":{"@id":"https:\/\/www.sgqt.ch\/datenschutzerklaerung\/#breadcrumb"},"inLanguage":"fr-FR","potentialAction":[{"@type":"ReadAction","target":["https:\/\/www.sgqt.ch\/datenschutzerklaerung\/"]}]},{"@type":"BreadcrumbList","@id":"https:\/\/www.sgqt.ch\/datenschutzerklaerung\/#breadcrumb","itemListElement":[{"@type":"ListItem","position":1,"name":"Startseite","item":"http:\/\/sgqt.asqt.ch\/it\/"},{"@type":"ListItem","position":2,"name":"Datenschutzerkl\u00e4rung"}]},{"@type":"WebSite","@id":"http:\/\/sgqt.asqt.ch\/it\/#website","url":"http:\/\/sgqt.asqt.ch\/it\/","name":"ASQT","description":"","potentialAction":[{"@type":"SearchAction","target":{"@type":"EntryPoint","urlTemplate":"http:\/\/sgqt.asqt.ch\/it\/?s={search_term_string}"},"query-input":{"@type":"PropertyValueSpecification","valueRequired":true,"valueName":"search_term_string"}}],"inLanguage":"fr-FR"}]}},"_links":{"self":[{"href":"https:\/\/sgqt.ch\/fr\/wp-json\/wp\/v2\/pages\/554","targetHints":{"allow":["GET"]}}],"collection":[{"href":"https:\/\/sgqt.ch\/fr\/wp-json\/wp\/v2\/pages"}],"about":[{"href":"https:\/\/sgqt.ch\/fr\/wp-json\/wp\/v2\/types\/page"}],"author":[{"embeddable":true,"href":"https:\/\/sgqt.ch\/fr\/wp-json\/wp\/v2\/users\/1"}],"replies":[{"embeddable":true,"href":"https:\/\/sgqt.ch\/fr\/wp-json\/wp\/v2\/comments?post=554"}],"version-history":[{"count":1,"href":"https:\/\/sgqt.ch\/fr\/wp-json\/wp\/v2\/pages\/554\/revisions"}],"predecessor-version":[{"id":1936,"href":"https:\/\/sgqt.ch\/fr\/wp-json\/wp\/v2\/pages\/554\/revisions\/1936"}],"wp:attachment":[{"href":"https:\/\/sgqt.ch\/fr\/wp-json\/wp\/v2\/media?parent=554"}],"curies":[{"name":"wp","href":"https:\/\/api.w.org\/{rel}","templated":true}]}}